{"id":6,"date":"2022-10-19T16:16:46","date_gmt":"2022-10-19T14:16:46","guid":{"rendered":"https:\/\/rehabilitace-barton.cz\/?page_id=6"},"modified":"2023-01-03T18:14:33","modified_gmt":"2023-01-03T17:14:33","slug":"domu","status":"publish","type":"page","link":"https:\/\/rehabilitace-barton.cz\/","title":{"rendered":"Dom\u016f"},"content":{"rendered":"\n<div class=\"wp-block-cover alignfull is-light\" style=\"min-height:438px;aspect-ratio:unset;\"><span aria-hidden=\"true\" class=\"wp-block-cover__background has-nv-light-bg-background-color has-background-dim-10 has-background-dim\"><\/span><img loading=\"lazy\" decoding=\"async\" width=\"1024\" height=\"418\" class=\"wp-block-cover__image-background wp-image-35\" alt=\"\" src=\"https:\/\/rehabilitace-barton.cz\/wp-content\/uploads\/2022\/10\/shutterstock_1063994864-crop-1024x418-1.jpg\" style=\"object-position:50% 64%\" data-object-fit=\"cover\" data-object-position=\"50% 64%\"\/><div class=\"wp-block-cover__inner-container is-layout-flow wp-block-cover-is-layout-flow\">\n<h1 class=\"has-text-align-center has-text-color wp-block-heading\" style=\"color:#121212\">Rehabilitace<br>trochu jinak<\/h1>\n\n\n\n<p>P\u0159ich\u00e1z\u00edte ke mn\u011b proto, \u017ee se nec\u00edt\u00edte \u00fapln\u011b fit a nem\u016f\u017eete se tohoto pocitu zbavit. Zjist\u00edme spole\u010dn\u011b, kde se nap\u011bt\u00ed, je\u017e V\u00e1s omezuje, ve vazivov\u00e9m syst\u00e9mu zafixovalo.<\/p>\n<\/div><\/div>\n\n\n\n<div class=\"wp-block-columns are-vertically-aligned-bottom is-layout-flex wp-container-core-columns-is-layout-1 wp-block-columns-is-layout-flex\">\n<div class=\"wp-block-column is-vertically-aligned-bottom is-layout-flow wp-block-column-is-layout-flow\">\n<div style=\"height:20px\" aria-hidden=\"true\" class=\"wp-block-spacer\"><\/div>\n\n\n<div class=\"wp-block-image icon-style is-style-default\">\n<figure class=\"aligncenter is-resized\"><img loading=\"lazy\" decoding=\"async\" src=\"https:\/\/rehabilitace-barton.cz\/wp-content\/themes\/neve\/assets\/img\/starter-content\/icon-03.svg\" alt=\"\" width=\"48\" height=\"48\"\/><\/figure><\/div>\n\n\n<h3 class=\"has-text-align-center has-neve-text-color-color has-text-color wp-block-heading\">Va\u0161e n\u00e1v\u0161t\u011bva<\/h3>\n\n\n\n<p class=\"has-text-align-center\">D\u016fle\u017eit\u00e1 je skute\u010dnost, aby Va\u0161e n\u00e1v\u0161t\u011bva nebyla Va\u0161\u00ed ztr\u00e1tou \u010dasu.<\/p>\n<\/div>\n\n\n\n<div class=\"wp-block-column is-vertically-aligned-bottom is-layout-flow wp-block-column-is-layout-flow\">\n<div style=\"height:20px\" aria-hidden=\"true\" class=\"wp-block-spacer\"><\/div>\n\n\n<div class=\"wp-block-image icon-style is-style-default\">\n<figure class=\"aligncenter is-resized\"><img loading=\"lazy\" decoding=\"async\" src=\"https:\/\/rehabilitace-barton.cz\/wp-content\/themes\/neve\/assets\/img\/starter-content\/icon-02.svg\" alt=\"\" width=\"48\" height=\"48\"\/><\/figure><\/div>\n\n\n<h3 class=\"has-text-align-center has-neve-text-color-color has-text-color wp-block-heading\">Princip terapie<\/h3>\n\n\n\n<p class=\"has-text-align-center\">Prioritou je nebolestiv\u00fd z\u00e1sah a zklidn\u011bn\u00ed Va\u0161eho pohybov\u00e9ho vnit\u0159n\u00edho syst\u00e9mu.<\/p>\n<\/div>\n<\/div>\n\n\n\n<div class=\"wp-block-cover alignfull\" style=\"min-height:600px;aspect-ratio:unset;\"><span aria-hidden=\"true\" class=\"wp-block-cover__background has-nv-light-bg-background-color has-background-dim-100 has-background-dim\"><\/span><div class=\"wp-block-cover__inner-container is-layout-flow wp-block-cover-is-layout-flow\">\n<div class=\"wp-block-group\"><div class=\"wp-block-group__inner-container is-layout-flow wp-block-group-is-layout-flow\">\n<div style=\"height:80px\" aria-hidden=\"true\" class=\"wp-block-spacer\"><\/div>\n\n\n\n<div class=\"wp-block-columns are-vertically-aligned-center is-layout-flex wp-container-core-columns-is-layout-2 wp-block-columns-is-layout-flex\">\n<div class=\"wp-block-column is-vertically-aligned-center is-layout-flow wp-block-column-is-layout-flow\" style=\"flex-basis:50%\">\n<figure class=\"wp-block-image size-full is-resized\"><img loading=\"lazy\" decoding=\"async\" src=\"https:\/\/rehabilitace-barton.cz\/wp-content\/uploads\/2022\/11\/996559_421753247940233_1878302409_n-large.jpg\" alt=\"\" class=\"wp-image-132\" width=\"455\" height=\"607\"\/><\/figure>\n<\/div>\n\n\n\n<div class=\"wp-block-column is-vertically-aligned-center is-layout-flow wp-block-column-is-layout-flow\" style=\"flex-basis:50%\">\n<div style=\"height:20px\" aria-hidden=\"true\" class=\"wp-block-spacer\"><\/div>\n\n\n\n<h2 class=\"has-text-align-left has-neve-text-color-color has-text-color wp-block-heading\">Va\u0161e n\u00e1v\u0161t\u011bva<\/h2>\n\n\n\n<p class=\"has-text-align-left has-neve-text-color-color has-text-color\" style=\"font-size:17px\">Prvn\u00ed n\u00e1v\u0161t\u011bvu obvykle za\u010d\u00edn\u00e1m kontrolou plosek nohou a sleduji jejich citlivost. Podle stavu citlivosti reflexn\u00edch plo\u0161ek obou Va\u0161ich nohou jsem schopen zjistit situaci pohybov\u00e9ho apar\u00e1tu. Podle Va\u0161\u00ed akutn\u00ed situace, se kterou p\u0159ich\u00e1z\u00edte, mohu ji\u017e reflexn\u011b doc\u00edlit uvoln\u011bn\u00ed nap\u011bt\u00ed v t\u011ble. Po tomto ur\u010dit\u00e9m p\u016fsoben\u00ed, nebo jen diagnostice, se soust\u0159ed\u00edm na Va\u0161e samotn\u00e9 citliv\u00e9 \u010d\u00e1sti t\u011bla.<\/p>\n\n\n\n<p class=\"has-text-align-left has-neve-text-color-color has-text-color\" style=\"font-size:17px\">Techniky zasahuj\u00ed do vazivov\u00e9ho syst\u00e9mu, kter\u00fd ovliv\u0148uje \u010dinnost nerv\u016f. Nervov\u00e9 pr\u016fb\u011bhy tak ur\u010duj\u00ed Va\u0161i kondici jak psychickou (V\u00e1\u0161 vjem, \u010dinnost sval\u016f) tak fyzickou (Va\u0161e v\u0161edn\u00ed \u010dinnosti).<\/p>\n\n\n\n<p class=\"has-text-align-left has-neve-text-color-color has-text-color\" style=\"font-size:17px\">P\u0159i rehabilita\u010dn\u00edch z\u00e1kroc\u00edch je bolest v\u017edy pod moj\u00ed i Va\u0161\u00ed kontrolou a vy\u017eaduje-li to situace, pak na nutn\u00fd bolestiv\u00fd podn\u011bt upozorn\u00edm!!<\/p>\n\n\n\n<p class=\"has-text-align-left has-neve-text-color-color has-text-color\" style=\"font-size:17px\">Up\u0159ednost\u0148uji koment\u00e1\u0159, kter\u00fdm prov\u00e1z\u00edm svou \u010dinnost po celou dobu Va\u0161\u00ed n\u00e1v\u0161t\u011bvy.<\/p>\n\n\n\n<div class=\"wp-block-buttons is-content-justification-left is-layout-flex wp-container-core-buttons-is-layout-1 wp-block-buttons-is-layout-flex\">\n<div class=\"wp-block-button is-style-primary\"><a class=\"wp-block-button__link wp-element-button\" href=\"https:\/\/rehabilitace-barton.cz\/index.php\/vase-navsteva\/\">V\u00cdCE<\/a><\/div>\n<\/div>\n<\/div>\n<\/div>\n\n\n\n<div style=\"height:40px\" aria-hidden=\"true\" class=\"wp-block-spacer\"><\/div>\n<\/div><\/div>\n<\/div><\/div>\n\n\n\n<div class=\"wp-block-cover alignfull\" style=\"min-height:600px;aspect-ratio:unset;\"><span aria-hidden=\"true\" class=\"wp-block-cover__background has-nv-site-bg-background-color has-background-dim-100 has-background-dim\"><\/span><div class=\"wp-block-cover__inner-container is-layout-flow wp-block-cover-is-layout-flow\">\n<div class=\"wp-block-group\"><div class=\"wp-block-group__inner-container is-layout-flow wp-block-group-is-layout-flow\">\n<div style=\"height:80px\" aria-hidden=\"true\" class=\"wp-block-spacer\"><\/div>\n\n\n\n<div class=\"wp-block-columns are-vertically-aligned-center is-layout-flex wp-container-core-columns-is-layout-3 wp-block-columns-is-layout-flex\">\n<div class=\"wp-block-column is-vertically-aligned-center is-layout-flow wp-block-column-is-layout-flow\" style=\"flex-basis:50%\">\n<h2 class=\"has-text-align-left has-neve-text-color-color has-text-color wp-block-heading\">Princip terapie<\/h2>\n\n\n\n<p class=\"has-text-align-left has-neve-text-color-color has-text-color\" style=\"font-size:17px\">Princip p\u016fsoben\u00ed na V\u00e1\u0161 organismus spo\u010d\u00edv\u00e1 ve vytvo\u0159en\u00ed rovnov\u00e1hy hlubok\u00e9ho nap\u011bt\u00ed v pohybov\u00e9m apar\u00e1tu. Tud\u00ed\u017e, pokud p\u0159etrv\u00e1v\u00e1 Va\u0161e bolestivost, m\u00e1te pocit, \u017ee p\u0159\u00ed\u010dina je hloub\u011bji v t\u011ble. Nerovnov\u00e1ha vznik\u00e1 ve vazivov\u00e9m syst\u00e9mu, kter\u00fd se up\u00edn\u00e1 nejen na kosti. Pokud dob\u0159e aktivuji strukturu t\u011bchto vazivov\u00fdch spojen\u00ed a propojen\u00ed nejen s kostmi, potom se stabilizuje i \u010dinnost sval\u016f jako takov\u00fdch. Vy potom vn\u00edm\u00e1te bu\u010f pocit \u00falevy nebo obnoven\u00ed pohybu, proto\u017ee se z\u00e1rove\u0148 ovlivn\u00ed struktura nervov\u00e9 tk\u00e1n\u011b. Pak se zlep\u0161\u00ed V\u00e1\u0161 pocit \u2013 \u010dili p\u0159irozen\u011b jej\u00ed \u010dinnost a inervace.<\/p>\n\n\n\n<p class=\"has-text-align-left has-neve-text-color-color has-text-color\" style=\"font-size:17px\"><strong>Na tyto stavy \u017e\u00e1dn\u00e1 forma mas\u00e1\u017e\u00ed nepom\u016f\u017ee. Ani tyto situace nevy\u0159e\u0161\u00ed a nezjist\u00ed \u017e\u00e1dn\u00e1 l\u00e9ka\u0159sk\u00e1 ani p\u0159\u00edstrojov\u00e1 vy\u0161et\u0159en\u00ed!!<\/strong><\/p>\n\n\n\n<div class=\"wp-block-buttons is-content-justification-left is-layout-flex wp-container-core-buttons-is-layout-2 wp-block-buttons-is-layout-flex\">\n<div class=\"wp-block-button is-style-primary\"><a class=\"wp-block-button__link wp-element-button\" href=\"https:\/\/rehabilitace-barton.cz\/index.php\/princip-terapie\/\">V\u00cdCE<\/a><\/div>\n<\/div>\n\n\n\n<div style=\"height:40px\" aria-hidden=\"true\" class=\"wp-block-spacer\"><\/div>\n<\/div>\n\n\n\n<div class=\"wp-block-column is-vertically-aligned-center is-layout-flow wp-block-column-is-layout-flow\" style=\"flex-basis:50%\">\n<figure class=\"wp-block-image size-full\"><img loading=\"lazy\" decoding=\"async\" width=\"768\" height=\"1024\" src=\"https:\/\/rehabilitace-barton.cz\/wp-content\/uploads\/2023\/01\/20221205_122437-2.jpg\" alt=\"\" class=\"wp-image-216\"\/><\/figure>\n<\/div>\n<\/div>\n\n\n\n<div style=\"height:40px\" aria-hidden=\"true\" class=\"wp-block-spacer\"><\/div>\n<\/div><\/div>\n<\/div><\/div>\n\n\n\n<div style=\"height:40px\" aria-hidden=\"true\" class=\"wp-block-spacer\"><\/div>\n","protected":false},"excerpt":{"rendered":"<p>Va\u0161e n\u00e1v\u0161t\u011bva D\u016fle\u017eit\u00e1 je skute\u010dnost, aby Va\u0161e n\u00e1v\u0161t\u011bva nebyla Va\u0161\u00ed ztr\u00e1tou \u010dasu. Princip terapie Prioritou je nebolestiv\u00fd z\u00e1sah a zklidn\u011bn\u00ed Va\u0161eho pohybov\u00e9ho vnit\u0159n\u00edho syst\u00e9mu.<\/p>\n","protected":false},"author":1,"featured_media":0,"parent":0,"menu_order":0,"comment_status":"closed","ping_status":"closed","template":"","meta":{"neve_meta_sidebar":"","neve_meta_container":"","neve_meta_enable_content_width":"on","neve_meta_content_width":100,"neve_meta_title_alignment":"","neve_meta_author_avatar":"","neve_post_elements_order":"","neve_meta_disable_header":"","neve_meta_disable_footer":"","neve_meta_disable_title":"on","footnotes":""},"_links":{"self":[{"href":"https:\/\/rehabilitace-barton.cz\/index.php\/wp-json\/wp\/v2\/pages\/6"}],"collection":[{"href":"https:\/\/rehabilitace-barton.cz\/index.php\/wp-json\/wp\/v2\/pages"}],"about":[{"href":"https:\/\/rehabilitace-barton.cz\/index.php\/wp-json\/wp\/v2\/types\/page"}],"author":[{"embeddable":true,"href":"https:\/\/rehabilitace-barton.cz\/index.php\/wp-json\/wp\/v2\/users\/1"}],"replies":[{"embeddable":true,"href":"https:\/\/rehabilitace-barton.cz\/index.php\/wp-json\/wp\/v2\/comments?post=6"}],"version-history":[{"count":37,"href":"https:\/\/rehabilitace-barton.cz\/index.php\/wp-json\/wp\/v2\/pages\/6\/revisions"}],"predecessor-version":[{"id":222,"href":"https:\/\/rehabilitace-barton.cz\/index.php\/wp-json\/wp\/v2\/pages\/6\/revisions\/222"}],"wp:attachment":[{"href":"https:\/\/rehabilitace-barton.cz\/index.php\/wp-json\/wp\/v2\/media?parent=6"}],"curies":[{"name":"wp","href":"https:\/\/api.w.org\/{rel}","templated":true}]}}